{"id":93,"date":"2019-06-03T22:56:07","date_gmt":"2019-06-03T20:56:07","guid":{"rendered":"https:\/\/www.cominitesta.eu\/?page_id=93"},"modified":"2024-08-22T08:26:06","modified_gmt":"2024-08-22T06:26:06","slug":"lo-studio","status":"publish","type":"page","link":"https:\/\/www.cominitesta.eu\/","title":{"rendered":"Lo Studio"},"content":{"rendered":"\n<div style=\"background-position:69% 17%;background-repeat:no-repeat;background-size:contain;\" class=\"wp-block-group has-contrast-color has-base-background-color has-text-color has-background has-link-color wp-elements-1 has-global-padding is-layout-constrained wp-block-group-is-layout-constrained\">\n<p class=\"wp-block-paragraph\">Fondato nell&#8217;anno 2006, sin dal 2009 insediato nel centro di Pavia, in prossimit\u00e0 del fiume Ticino -nei pressi del celebre Ponte Coperto.<\/p>\n\n\n\n<p class=\"wp-block-paragraph\">Lo Studio \u00e8 nato dall&#8217;unione delle esperienze maturate e delle competenze apprese degli avvocati Fabrizio Comini e Marzia Desir\u00e9e Lucia Testa.<\/p>\n\n\n\n<p class=\"wp-block-paragraph\">Curiosit\u00e0: di pari anzianit\u00e0 \u00e8 il dominio di questo sito; sin dal principio della nostra attivit\u00e0 abbiamo creduto nelle potenzialit\u00e0 della rete internet e nella necessit\u00e0 di imparare a gestire i nuovi media ed in effetti di l\u00ec a poco sarebbero arrivati i primi esperimenti del processo civile telematico, il cui primo avvio prese le mosse proprio in quegli stessi anni al Tribunale di Milano con la sperimentazione dei primi decreti ingiuntivi telematici.<\/p>\n\n\n\n<p class=\"wp-block-paragraph\">All&#8217;epoca dell&#8217;aggiornamento di questa pagina (agosto 2024) i &#8220;processi telematici&#8221; hanno ormai raggiunto tutte le materie e tutte le giurisdizioni: dalle cause civili a quelle tributarie e amministrative e financo il processo penale.<\/p>\n\n\n\n<p class=\"wp-block-paragraph\">Questo sito \u00e8 curato personalmente dall&#8217;avvocato Fabrizio Comini.<\/p>\n<\/div>\n\n\n\n<div style=\"background-position:20% 0%;\" class=\"wp-block-group has-global-padding is-layout-constrained wp-block-group-is-layout-constrained has-background\">\n<div class=\"wp-block-buttons is-content-justification-center is-layout-flex wp-container-core-buttons-is-layout-d70ed23c wp-block-buttons-is-layout-flex\">\n<div class=\"wp-block-button\"><a class=\"wp-block-button__link wp-element-button\" href=\"https:\/\/www.cominitesta.eu\/?page_id=69\">I  Professionisti<\/a><\/div>\n\n\n\n<div class=\"wp-block-button\"><a class=\"wp-block-button__link wp-element-button\" href=\"https:\/\/www.cominitesta.eu\/?page_id=703\">Le materie trattate<\/a><\/div>\n\n\n\n<div class=\"wp-block-button\"><a class=\"wp-block-button__link wp-element-button\" href=\"https:\/\/www.cominitesta.eu\/?page_id=133\">I contatti<\/a><\/div>\n\n\n\n<div class=\"wp-block-button\"><a class=\"wp-block-button__link wp-element-button\" href=\"https:\/\/www.cominitesta.eu\/?page_id=148\">Le collaborazioni<\/a><\/div>\n\n\n\n<div class=\"wp-block-button\"><a class=\"wp-block-button__link wp-element-button\" href=\"https:\/\/www.cominitesta.eu\/?page_id=219\">Pagamenti<\/a><\/div>\n<\/div>\n\n\n\n<div style=\"height:100px\" aria-hidden=\"true\" class=\"wp-block-spacer\"><\/div>\n<\/div>\n\n\n\n<hr class=\"wp-block-separator has-alpha-channel-opacity\"\/>\n\n\n\n<div class=\"wp-block-columns is-layout-flex wp-container-core-columns-is-layout-9baa9b4c wp-block-columns-is-layout-flex\">\n<div class=\"wp-block-column is-layout-flow wp-block-column-is-layout-flow\" style=\"flex-basis:66.66%\">\n<div class=\"wp-block-group has-global-padding is-layout-constrained wp-block-group-is-layout-constrained\">\n<h3 class=\"wp-block-heading\"><a href=\"https:\/\/www.cominitesta.eu\/?page_id=131\" data-type=\"page\" data-id=\"131\">Il Blog<\/a><\/h3>\n\n\n<ul class=\"wp-block-latest-posts__list has-dates wp-block-latest-posts is-layout-flow wp-block-latest-posts-is-layout-flow\"><li><a class=\"wp-block-latest-posts__post-title\" href=\"https:\/\/www.cominitesta.eu\/?p=825\">L&#8217;imposta di bollo sui conti correnti<\/a><time datetime=\"2026-05-24T20:52:21+02:00\" class=\"wp-block-latest-posts__post-date\">24 Maggio 2026<\/time><div class=\"wp-block-latest-posts__post-excerpt\">Con l&#8217;ultimo decreto fiscale, approvato definitivamente dalla Camera dei Deputati il 20 maggio scorso, tra le tante e variegate misure adottare ve n&#8217;\u00e8 una che &#8211; se siete imprenditori &#8211; potrete odiare in modo particolare. L&#8217;imposta di bollo applicata ai rapporti di conto corrente accesi da soggetti diversi dalle persone fisiche, e cio\u00e8 per dirla\u2026 <a class=\"wp-block-latest-posts__read-more\" href=\"https:\/\/www.cominitesta.eu\/?p=825\" rel=\"noopener\">Read more<span class=\"screen-reader-text\">: L&#8217;imposta di bollo sui conti correnti<\/span><\/a><\/div><\/li>\n<li><a class=\"wp-block-latest-posts__post-title\" href=\"https:\/\/www.cominitesta.eu\/?p=803\">il DDL 1610 ovvero i nuovi sfratti amministrativi: problematiche di opposizione allo sfratto<\/a><time datetime=\"2025-11-04T09:40:45+01:00\" class=\"wp-block-latest-posts__post-date\">4 Novembre 2025<\/time><div class=\"wp-block-latest-posts__post-excerpt\">Va letto. \u00c8 proprio scritto male, soprattutto per la parte in cui disciplina i casi di opposizione allo sfratto concessi al conduttore, all&#8217;inquilino. La norma in questione \u00e8 il comma 4 dell&#8217;articolo 2. Sono possibili solo 2 casi di opposizione, nel caso in cui -a libera discrezione del locatore- sia avviata la procedura di sfratto\u2026 <a class=\"wp-block-latest-posts__read-more\" href=\"https:\/\/www.cominitesta.eu\/?p=803\" rel=\"noopener\">Read more<span class=\"screen-reader-text\">: il DDL 1610 ovvero i nuovi sfratti amministrativi: problematiche di opposizione allo sfratto<\/span><\/a><\/div><\/li>\n<li><a class=\"wp-block-latest-posts__post-title\" href=\"https:\/\/www.cominitesta.eu\/?p=766\">Astensione dalle udienze penali del 5,6 e 7 maggio contro il Decreto Sicurezza<\/a><time datetime=\"2025-05-03T17:00:29+02:00\" class=\"wp-block-latest-posts__post-date\">3 Maggio 2025<\/time><div class=\"wp-block-latest-posts__post-excerpt\">Nelle giornate del 5, 6 e 7 maggio mi asterr\u00f2 dalla partecipazione alle udienze penali. Ho aderito formalmente alla astensione indetta dalla Giunta UCPI in data 12 aprile 2025, comunicando alle Cancellerie dei Giudici presso i quali ho fissate le udienze la mia partecipazione alla mobilitazione. La protesta muove contro il &#8220;Decreto Sicurezza&#8221; gi\u00e0 DDL\u2026 <a class=\"wp-block-latest-posts__read-more\" href=\"https:\/\/www.cominitesta.eu\/?p=766\" rel=\"noopener\">Read more<span class=\"screen-reader-text\">: Astensione dalle udienze penali del 5,6 e 7 maggio contro il Decreto Sicurezza<\/span><\/a><\/div><\/li>\n<li><a class=\"wp-block-latest-posts__post-title\" href=\"https:\/\/www.cominitesta.eu\/?p=758\">L&#8217;atto pi\u00f9 bizzarro, anzi infido<\/a><time datetime=\"2025-01-09T09:25:26+01:00\" class=\"wp-block-latest-posts__post-date\">9 Gennaio 2025<\/time><div class=\"wp-block-latest-posts__post-excerpt\">E&#8217; la cartella di pagamento, s\u00ec lei, l&#8217;odiata cartella di pagamento. Lei d\u00e0 tanti grattacapi -come parrebbe ovvio- e non solo perch\u00e9 di soldi da pagare si parla ma anche quando esiste una qualche ragione per dire che non \u00e8 giusto doverla pagare. Presa in mano una cartella di pagamento, nelle avvertenze delle ultime pagine\u2026 <a class=\"wp-block-latest-posts__read-more\" href=\"https:\/\/www.cominitesta.eu\/?p=758\" rel=\"noopener\">Read more<span class=\"screen-reader-text\">: L&#8217;atto pi\u00f9 bizzarro, anzi infido<\/span><\/a><\/div><\/li>\n<li><a class=\"wp-block-latest-posts__post-title\" href=\"https:\/\/www.cominitesta.eu\/?p=654\">della serie Netflix &#8220;Oltre ogni ragionevole dubbio&#8221;<\/a><time datetime=\"2024-08-14T18:48:46+02:00\" class=\"wp-block-latest-posts__post-date\">14 Agosto 2024<\/time><div class=\"wp-block-latest-posts__post-excerpt\">La calura ferragostana, il caldo intenso di questa estate, il successo estivo della serie distribuita da Netflix titolata &#8220;Il caso Yara &#8211; oltre ogni ragionevole dubbio&#8221;. Chiunque abbia avuto modo di seguire la serie ha potuto trovarla molto ben diretta e curata, nondimeno per\u00f2 non propriamente imparziale, almeno ad avviso di chi qui scrive. A\u2026 <a class=\"wp-block-latest-posts__read-more\" href=\"https:\/\/www.cominitesta.eu\/?p=654\" rel=\"noopener\">Read more<span class=\"screen-reader-text\">: della serie Netflix &#8220;Oltre ogni ragionevole dubbio&#8221;<\/span><\/a><\/div><\/li>\n<\/ul><\/div>\n<\/div>\n\n\n\n<div class=\"wp-block-column is-layout-flow wp-block-column-is-layout-flow\" style=\"flex-basis:33.33%\">\n<div class=\"wp-block-group has-global-padding is-layout-constrained wp-block-group-is-layout-constrained\">\n<h2 class=\"wp-block-heading\" style=\"font-size:clamp(1.039rem, 1.039rem + ((1vw - 0.2rem) * 1.02), 1.6rem);\">Categorie popolari<\/h2>\n\n\n<ul class=\"wp-block-categories-list wp-block-categories-taxonomy-category wp-block-categories\">\t<li class=\"cat-item cat-item-17\"><a href=\"https:\/\/www.cominitesta.eu\/?cat=17\">Casi<\/a> (2)\n<\/li>\n\t<li class=\"cat-item cat-item-20\"><a href=\"https:\/\/www.cominitesta.eu\/?cat=20\">Condoni<\/a> (7)\n<\/li>\n\t<li class=\"cat-item cat-item-37\"><a href=\"https:\/\/www.cominitesta.eu\/?cat=37\">de jure condendo<\/a> (2)\n<\/li>\n\t<li class=\"cat-item cat-item-35\"><a href=\"https:\/\/www.cominitesta.eu\/?cat=35\">politica del diritto penale<\/a> (1)\n<\/li>\n\t<li class=\"cat-item cat-item-1\"><a href=\"https:\/\/www.cominitesta.eu\/?cat=1\">Uncategorized<\/a> (5)\n<\/li>\n<\/ul><\/div>\n\n\n\n<hr class=\"wp-block-separator has-alpha-channel-opacity\"\/>\n\n\n\n<div class=\"wp-block-group has-global-padding is-layout-constrained wp-block-group-is-layout-constrained\">\n<h2 class=\"wp-block-heading\" style=\"font-size:clamp(1.039rem, 1.039rem + ((1vw - 0.2rem) * 1.02), 1.6rem);\">Cerca gli articoli<\/h2>\n\n\n<div class=\"wp-block-archives-dropdown wp-block-archives\"><label for=\"wp-block-archives-2\" class=\"wp-block-archives__label\">Archivi<\/label>\n\t\t<select id=\"wp-block-archives-2\" name=\"archive-dropdown\">\n\t\t<option value=\"\">Seleziona il mese<\/option>\t<option value='https:\/\/www.cominitesta.eu\/?m=202605'> Maggio 2026 &nbsp;(1)<\/option>\n\t<option value='https:\/\/www.cominitesta.eu\/?m=202511'> Novembre 2025 &nbsp;(1)<\/option>\n\t<option value='https:\/\/www.cominitesta.eu\/?m=202505'> Maggio 2025 &nbsp;(1)<\/option>\n\t<option value='https:\/\/www.cominitesta.eu\/?m=202501'> Gennaio 2025 &nbsp;(1)<\/option>\n\t<option value='https:\/\/www.cominitesta.eu\/?m=202408'> Agosto 2024 &nbsp;(1)<\/option>\n\t<option value='https:\/\/www.cominitesta.eu\/?m=202407'> Luglio 2024 &nbsp;(1)<\/option>\n\t<option value='https:\/\/www.cominitesta.eu\/?m=202405'> Maggio 2024 &nbsp;(1)<\/option>\n\t<option value='https:\/\/www.cominitesta.eu\/?m=202404'> Aprile 2024 &nbsp;(1)<\/option>\n\t<option value='https:\/\/www.cominitesta.eu\/?m=202312'> Dicembre 2023 &nbsp;(1)<\/option>\n\t<option value='https:\/\/www.cominitesta.eu\/?m=202310'> Ottobre 2023 &nbsp;(1)<\/option>\n\t<option value='https:\/\/www.cominitesta.eu\/?m=202308'> Agosto 2023 &nbsp;(1)<\/option>\n\t<option value='https:\/\/www.cominitesta.eu\/?m=202304'> Aprile 2023 &nbsp;(1)<\/option>\n\t<option value='https:\/\/www.cominitesta.eu\/?m=202302'> Febbraio 2023 &nbsp;(1)<\/option>\n\t<option value='https:\/\/www.cominitesta.eu\/?m=202211'> Novembre 2022 &nbsp;(2)<\/option>\n\t<option value='https:\/\/www.cominitesta.eu\/?m=202203'> Marzo 2022 &nbsp;(1)<\/option>\n\t<option value='https:\/\/www.cominitesta.eu\/?m=201910'> Ottobre 2019 &nbsp;(1)<\/option>\n<\/select><script>\n( ( [ dropdownId, homeUrl ] ) => {\n\t\tconst dropdown = document.getElementById( dropdownId );\n\t\tfunction onSelectChange() {\n\t\t\tsetTimeout( () => {\n\t\t\t\tif ( 'escape' === dropdown.dataset.lastkey ) {\n\t\t\t\t\treturn;\n\t\t\t\t}\n\t\t\t\tif ( dropdown.value ) {\n\t\t\t\t\tlocation.href = dropdown.value;\n\t\t\t\t}\n\t\t\t}, 250 );\n\t\t}\n\t\tfunction onKeyUp( event ) {\n\t\t\tif ( 'Escape' === event.key ) {\n\t\t\t\tdropdown.dataset.lastkey = 'escape';\n\t\t\t} else {\n\t\t\t\tdelete dropdown.dataset.lastkey;\n\t\t\t}\n\t\t}\n\t\tfunction onClick() {\n\t\t\tdelete dropdown.dataset.lastkey;\n\t\t}\n\t\tdropdown.addEventListener( 'keyup', onKeyUp );\n\t\tdropdown.addEventListener( 'click', onClick );\n\t\tdropdown.addEventListener( 'change', onSelectChange );\n\t} )( [\"wp-block-archives-2\",\"https:\/\/www.cominitesta.eu\"] );\n\/\/# sourceURL=block_core_archives_build_dropdown_script\n<\/script>\n<\/div><\/div>\n\n\n\n<hr class=\"wp-block-separator has-alpha-channel-opacity\"\/>\n\n\n\n<div class=\"wp-block-group has-global-padding is-layout-constrained wp-block-group-is-layout-constrained\">\n<h2 class=\"wp-block-heading\" style=\"font-size:clamp(1.039rem, 1.039rem + ((1vw - 0.2rem) * 1.02), 1.6rem);\">Cerca nel sito<\/h2>\n\n\n<form role=\"search\" method=\"get\" action=\"https:\/\/www.cominitesta.eu\/\" class=\"wp-block-search__button-outside wp-block-search__text-button wp-block-search\" ><label class=\"wp-block-search__label\" for=\"wp-block-search__input-3\" >Cerca<\/label><div class=\"wp-block-search__inside-wrapper\" ><input class=\"wp-block-search__input\" id=\"wp-block-search__input-3\" placeholder=\"\" value=\"\" type=\"search\" name=\"s\" required \/><button aria-label=\"Cerca\" class=\"wp-block-search__button wp-element-button\" type=\"submit\" >Cerca<\/button><\/div><\/form><\/div>\n\n\n\n<hr class=\"wp-block-separator has-alpha-channel-opacity\"\/>\n<\/div>\n<\/div>\n","protected":false},"excerpt":{"rendered":"<p>Fondato nell&#8217;anno 2006, sin dal 2009 insediato nel centro di Pavia, in prossimit\u00e0 del fiume Ticino -nei pressi del celebre Ponte Coperto. Lo Studio \u00e8 nato dall&#8217;unione delle esperienze maturate e delle competenze apprese degli avvocati Fabrizio Comini e Marzia Desir\u00e9e Lucia Testa. Curiosit\u00e0: di pari anzianit\u00e0 \u00e8 il dominio di questo sito; sin dal [&hellip;]<\/p>\n","protected":false},"author":1,"featured_media":0,"parent":0,"menu_order":0,"comment_status":"closed","ping_status":"closed","template":"","meta":{"footnotes":""},"class_list":["post-93","page","type-page","status-publish","hentry"],"_links":{"self":[{"href":"https:\/\/www.cominitesta.eu\/index.php?rest_route=\/wp\/v2\/pages\/93","targetHints":{"allow":["GET"]}}],"collection":[{"href":"https:\/\/www.cominitesta.eu\/index.php?rest_route=\/wp\/v2\/pages"}],"about":[{"href":"https:\/\/www.cominitesta.eu\/index.php?rest_route=\/wp\/v2\/types\/page"}],"author":[{"embeddable":true,"href":"https:\/\/www.cominitesta.eu\/index.php?rest_route=\/wp\/v2\/users\/1"}],"replies":[{"embeddable":true,"href":"https:\/\/www.cominitesta.eu\/index.php?rest_route=%2Fwp%2Fv2%2Fcomments&post=93"}],"version-history":[{"count":35,"href":"https:\/\/www.cominitesta.eu\/index.php?rest_route=\/wp\/v2\/pages\/93\/revisions"}],"predecessor-version":[{"id":744,"href":"https:\/\/www.cominitesta.eu\/index.php?rest_route=\/wp\/v2\/pages\/93\/revisions\/744"}],"wp:attachment":[{"href":"https:\/\/www.cominitesta.eu\/index.php?rest_route=%2Fwp%2Fv2%2Fmedia&parent=93"}],"curies":[{"name":"wp","href":"https:\/\/api.w.org\/{rel}","templated":true}]}}